{"id":13,"date":"2011-03-18T20:13:56","date_gmt":"2011-03-18T20:13:56","guid":{"rendered":"http:\/\/www.amicio-oberstimm.de\/wordpress\/?page_id=13"},"modified":"2026-04-29T19:15:38","modified_gmt":"2026-04-29T17:15:38","slug":"mitglied","status":"publish","type":"page","link":"https:\/\/www.amicio-oberstimm.de\/?page_id=13","title":{"rendered":"Mitglied werden"},"content":{"rendered":"<p>Du willst die Ziele von AmiciO aktiv unterst\u00fctzen: F\u00fcr nur 10 EUR Jahresbeitrag f\u00fcr die ganze Familie bist Du dabei\u2026&nbsp;<\/p>\n<p><a href=\"https:\/\/www.amicio-oberstimm.de\/wp-content\/uploads\/2011\/03\/logo_amicio.jpg\"><img loading=\"lazy\" decoding=\"async\" class=\"aligncenter size-full wp-image-69\" title=\"logo_amicio\" src=\"https:\/\/www.amicio-oberstimm.de\/wp-content\/uploads\/2011\/03\/logo_amicio.jpg\" alt=\"\" width=\"195\" height=\"191\"><\/a><\/p>\n<p>Einfach die <a href=\"https:\/\/www.amicio-oberstimm.de\/wp-content\/uploads\/2026\/01\/Beitrittserklaerung_AmiciO_2025-DS.pdf\">Beitrittserkl\u00e4rung_AmiciO_2026<\/a> ausdrucken, ausf\u00fcllen und bei einem Vorstandsmitglied abgeben!<\/p>\n<p>Wir freuen uns auf Sie und Ihre Familie\u2026<\/p>\n","protected":false},"excerpt":{"rendered":"<p>Du willst die Ziele von AmiciO aktiv unterst\u00fctzen: F\u00fcr nur 10 EUR Jahresbeitrag f\u00fcr die ganze Familie bist Du dabei\u2026&nbsp; Einfach die Beitrittserkl\u00e4rung_AmiciO_2026 ausdrucken, ausf\u00fcllen und bei einem Vorstandsmitglied abgeben! &hellip; <a title=\"Mitglied werden\" class=\"hm-read-more\" href=\"https:\/\/www.amicio-oberstimm.de\/?page_id=13\"><span class=\"screen-reader-text\">Mitglied werden<\/span>Weiterlesen<\/a><\/p>\n","protected":false},"author":1,"featured_media":0,"parent":2,"menu_order":7,"comment_status":"closed","ping_status":"closed","template":"","meta":{"ngg_post_thumbnail":0,"footnotes":""},"class_list":["post-13","page","type-page","status-publish","hentry"],"amp_enabled":true,"_links":{"self":[{"href":"https:\/\/www.amicio-oberstimm.de\/index.php?rest_route=\/wp\/v2\/pages\/13","targetHints":{"allow":["GET"]}}],"collection":[{"href":"https:\/\/www.amicio-oberstimm.de\/index.php?rest_route=\/wp\/v2\/pages"}],"about":[{"href":"https:\/\/www.amicio-oberstimm.de\/index.php?rest_route=\/wp\/v2\/types\/page"}],"author":[{"embeddable":true,"href":"https:\/\/www.amicio-oberstimm.de\/index.php?rest_route=\/wp\/v2\/users\/1"}],"replies":[{"embeddable":true,"href":"https:\/\/www.amicio-oberstimm.de\/index.php?rest_route=%2Fwp%2Fv2%2Fcomments&post=13"}],"version-history":[{"count":17,"href":"https:\/\/www.amicio-oberstimm.de\/index.php?rest_route=\/wp\/v2\/pages\/13\/revisions"}],"predecessor-version":[{"id":9693,"href":"https:\/\/www.amicio-oberstimm.de\/index.php?rest_route=\/wp\/v2\/pages\/13\/revisions\/9693"}],"up":[{"embeddable":true,"href":"https:\/\/www.amicio-oberstimm.de\/index.php?rest_route=\/wp\/v2\/pages\/2"}],"wp:attachment":[{"href":"https:\/\/www.amicio-oberstimm.de\/index.php?rest_route=%2Fwp%2Fv2%2Fmedia&parent=13"}],"curies":[{"name":"wp","href":"https:\/\/api.w.org\/{rel}","templated":true}]}}