{"id":15,"date":"2011-03-18T20:14:33","date_gmt":"2011-03-18T19:14:33","guid":{"rendered":"http:\/\/www.amicio-oberstimm.de\/wordpress\/?page_id=15"},"modified":"2026-03-12T19:50:52","modified_gmt":"2026-03-12T18:50:52","slug":"2010-2","status":"publish","type":"page","link":"https:\/\/www.amicio-oberstimm.de\/?page_id=15","title":{"rendered":"R\u00fcckblick 2010"},"content":{"rendered":"<p><strong>Ein kurzer R\u00fcckblick auf unsere Veranstaltungen und Aktivit\u00e4ten in 2010<\/strong><\/p>\n<p><strong>14.02.10 Faschingsumzug<\/strong><br \/>\nAlle Teilnehmer hatten riesigen Spass am Faschingsumzug! Wir sind mit unseren Kost\u00fcmen durchaus aufgefallen, was sich in vielen Bildern im Internet widerspiegelt\u2026 Auch bei INTV finden wir Erw\u00e4hnung! Hier sind die Links zu diversen Online Portalen mit Bildern vom Faschingsumzug, sowie dem Teleschaubeitrag bei INTV\u2026<\/p>\n<p><a href=\"http:\/\/www.intv.de\/\">www.intv.de<\/a><a href=\"http:\/\/www.thepicture.de\/pictures\/events\/sonntag-14.02.2010-faschingsumzug-manching\/\"><br \/>\nwww.thepicture.de<\/a><a href=\"http:\/\/www.megazin.de\/index.php?mod=galerien&amp;gal=1252\"><br \/>\nwww.megazin.de<\/a><a href=\"http:\/\/www.donaukurier.de\/bivi\/bilder\/bilduebersicht\/cme163139,0.html\"><br \/>\nwww.donaukurier.de<\/a><\/p>\n<p><strong>26.02.10 Jahreshauptversammlung<\/strong><br \/>\nDanke f\u00fcrs Kommen!!!<\/p>\n<p><strong>06.03.10 Beginn Trommelkurs f\u00fcr Kinder ab der 5. Klasse <\/strong><br \/>\nDer Trommelkurs l\u00e4uft bereits\u2026 Parallel dazu findet ein privater, von AmiciO initiierter Kurs f\u00fcr Erwachsene statt!<\/p>\n<p><strong>07.03.10 AmiciO Schlittschuhlauf in der Saturnarena<\/strong><br \/>\nWieder einmal war der Schlittschuhlauf ein sch\u00f6nes Ereignis, an dem sich rund 120 Personen beteiligt haben!!! Der AmiciO Schlittschuhlauf hat sich somit als feste Gr\u00f6\u00dfe im Jahresprogramm etabliert!<\/p>\n<p><strong>20.03.10 Ramadama<\/strong><br \/>\nWie jedes Jahr haben wir wieder mit einer kleinen Delegation der Umwelt geholfen! Vielen Dank an die unerm\u00fcdlichen Helfer!!!<\/p>\n<p><strong>31.03.10 Besichtigungstour Donaukurier<\/strong><\/p>\n<p><strong>17.04.10 Vereinsausflug Bavaria Filmstudios<\/strong><br \/>\nWir hatten wieder einmal richtig Gl\u00fcck mit dem Wetter! Der Tag war unbeschwerlich und hat wohl Allen viel Spass gemacht!!!<\/p>\n<p><strong>23.04.10 Afrikanische Perlenketten basteln<\/strong><br \/>\nDie \u201cProdukte\u201d dieser Bastelveranstaltung werden am Afrikafest vorgef\u00fchrt\u2026<\/p>\n<p><strong>07.05.10 Afrikanische Trommeln basteln<\/strong><br \/>\nAuch diese \u201cProdukte\u201d wurden am Afrikafest vorgef\u00fchrt\u2026<\/p>\n<p><strong>15.05.10 Cine-Stadl<\/strong><br \/>\nCa. 35 Kinder hatten Spass am Kinderfilm!!! Auch die Mamas (und einige wenige T\u00f6chter, sowie auch einige Papas und S\u00f6hne) hatten Spass an \u201cMama Mia\u201d!<\/p>\n<p><strong>01.\/02.06.10 Basteln von afrikanischen Masken<\/strong><br \/>\nDiese letzte Bastelaktion vor dem Afrikafest war auch wieder gut besucht!!!<\/p>\n<p><strong>08.06.10 Ausflug auf das Spargelfeld<\/strong><br \/>\nDie Familie Widmann hat uns eingeladen, eine Spargelernte zu begleiten! Recht herzlichen Dank f\u00fcr diese tolle Idee!!! Zun\u00e4chst ging es mit dem Bulldog raus aufs Spargelfeld, dann wurde fachm\u00e4nnisch der Spargel gestochen und hinterher auf dem Hof der Spargel gewaschen und sortiert! Zudem bekamen alle Kinder auch noch eine Portion Spargel mit nach Hause, um ihn dort zu geniessen!<\/p>\n<p><strong>03.07.10 Afrikafest<\/strong><br \/>\nAfrikanisches Wetter, ca. 300 Leute, Deutschland fegt Argentinien vom Platz\u2026 Was will man mehr!!! Ein durchweg gelungenes Fest (mal abgesehen von der technischen Panne zum zweiten Viertelfinale \u2013 was muss das auch von RTL \u00fcbertragen werden! Entschuldigung an Alle, die auch dieses Spiel sehen wollten!) Fotos gibt es bei <a href=\"http:\/\/www.hallertau.info\/?StoryID=45&amp;newsid=63186\" target=\"_blank\" rel=\"noopener\">Hallertau Info<\/a>\u2026<\/p>\n<p><strong>18.07.10 Gautrachtenfest Manching<\/strong><br \/>\nWir haben mit einer kleinen Delegation am Umzug teilgenommen und gratulieren dem Trachtenverein zu dem sch\u00f6nen Fest!<\/p>\n<p><strong>27.08.10 Barthelmarkteinzug<\/strong><\/p>\n<p><strong>18.09.10 K\u00fcrbisfest<\/strong><\/p>\n<p>Wieder einmal ein sch\u00f6nes Fest, passables Wetter und sch\u00f6ne K\u00fcrbisse\u2026<\/p>\n<p><strong>28.09.10 Besuch beim Sch\u00fctzenverein<\/strong><br \/>\nDanke an die Oberstimmer Sch\u00fctzen f\u00fcr diese Kennenlernveranstaltung!<\/p>\n<p><strong>03.10.10 Einweihung Bike-Park Pichl<\/strong><br \/>\nEndlich ist es soweit! Der AmiciO Bike-Park in Pichl ist offiziell er\u00f6ffnet!!! Bei strahlendem Sonnenschein wurde das Gel\u00e4nde nun auch der \u00d6ffentlichkeit bekannt gemacht! Viele (bisher leider noch ausschliesslich) Jungs haben dem stauenden Publikum ihre Fahrk\u00fcnste gezeigt! Der B\u00fcrgermeister war gleich so begeistert, dass er die ersten 10 \u201cAmiciO Bike Park T-Shirts\u201d als Sponsor \u00fcbernommen hat! An dieser Stelle nochmals vielen Dank an alle Helfer und F\u00f6rderer, ohne deren Hilfe und Unterst\u00fctzung dieser Bike Park nicht m\u00f6glich geworden w\u00e4re!!!<\/p>\n<p><strong>05.11.10 Brezen backen bei Sch\u00f6llhorn<\/strong><br \/>\nAm Freitag, den 05.11.2010 haben 18 Jungs und M\u00e4dels bei der B\u00e4ckerei Sch\u00f6llhorn Brezen backen k\u00f6nnen! Ein tolles Erlebnis und geschmeckt hat es auch\u2026<\/p>\n<p><strong>Neues Geschirr f\u00fcr den Kindergarten Oberstimm<\/strong><br \/>\nDer Kindergarten Oberstimm packt das neue von AmiciO gesponserte Geschirr aus\u2026<\/p>\n<p><strong>20.11.10 Aufbau Christkindlmarkt<\/strong><br \/>\nDanke an alle Helfer, es ging echt flott!!!<\/p>\n<p><strong>27\/28.11.10 Oberstimmer Christkindlmarkt <\/strong><\/p>\n<p>Es hat wieder einmal alles gepasst: kaltes Gl\u00fchweinwetter, mehr Austeller denn je und immer mehr Besucher\u2026<br \/>\nDanke an alle Helfer, Aussteller und Besucher, f\u00fcr dieses sch\u00f6ne Wochenende!!!<\/p>\n","protected":false},"excerpt":{"rendered":"<p>Ein kurzer R\u00fcckblick auf unsere Veranstaltungen und Aktivit\u00e4ten in 2010 14.02.10 Faschingsumzug Alle Teilnehmer hatten riesigen Spass am Faschingsumzug! Wir sind mit unseren Kost\u00fcmen durchaus aufgefallen, was sich in vielen &hellip; <a title=\"R\u00fcckblick 2010\" class=\"hm-read-more\" href=\"https:\/\/www.amicio-oberstimm.de\/?page_id=15\"><span class=\"screen-reader-text\">R\u00fcckblick 2010<\/span>Weiterlesen<\/a><\/p>\n","protected":false},"author":1,"featured_media":0,"parent":9596,"menu_order":30,"comment_status":"closed","ping_status":"closed","template":"","meta":{"ngg_post_thumbnail":0,"footnotes":""},"class_list":["post-15","page","type-page","status-publish","hentry"],"amp_enabled":true,"_links":{"self":[{"href":"https:\/\/www.amicio-oberstimm.de\/index.php?rest_route=\/wp\/v2\/pages\/15","targetHints":{"allow":["GET"]}}],"collection":[{"href":"https:\/\/www.amicio-oberstimm.de\/index.php?rest_route=\/wp\/v2\/pages"}],"about":[{"href":"https:\/\/www.amicio-oberstimm.de\/index.php?rest_route=\/wp\/v2\/types\/page"}],"author":[{"embeddable":true,"href":"https:\/\/www.amicio-oberstimm.de\/index.php?rest_route=\/wp\/v2\/users\/1"}],"replies":[{"embeddable":true,"href":"https:\/\/www.amicio-oberstimm.de\/index.php?rest_route=%2Fwp%2Fv2%2Fcomments&post=15"}],"version-history":[{"count":12,"href":"https:\/\/www.amicio-oberstimm.de\/index.php?rest_route=\/wp\/v2\/pages\/15\/revisions"}],"predecessor-version":[{"id":6671,"href":"https:\/\/www.amicio-oberstimm.de\/index.php?rest_route=\/wp\/v2\/pages\/15\/revisions\/6671"}],"up":[{"embeddable":true,"href":"https:\/\/www.amicio-oberstimm.de\/index.php?rest_route=\/wp\/v2\/pages\/9596"}],"wp:attachment":[{"href":"https:\/\/www.amicio-oberstimm.de\/index.php?rest_route=%2Fwp%2Fv2%2Fmedia&parent=15"}],"curies":[{"name":"wp","href":"https:\/\/api.w.org\/{rel}","templated":true}]}}